{"id":7831,"date":"2025-08-20T14:06:24","date_gmt":"2025-08-20T14:06:24","guid":{"rendered":"https:\/\/thesafezone.eu\/?page_id=7831"},"modified":"2025-08-27T14:32:23","modified_gmt":"2025-08-27T14:32:23","slug":"tzs-de","status":"publish","type":"page","link":"https:\/\/thesafezone.eu\/de\/tzs-de\/","title":{"rendered":"TZS &#8211; DE"},"content":{"rendered":"<div data-elementor-type=\"wp-page\" data-elementor-id=\"7831\" class=\"elementor elementor-7831\" data-elementor-post-type=\"page\">\n\t\t\t\t<div data-particle_enable=\"false\" data-particle-mobile-disabled=\"false\" class=\"elementor-element elementor-element-1708cceb e-flex e-con-boxed e-con e-parent\" data-id=\"1708cceb\" data-element_type=\"container\">\n\t\t\t\t\t<div class=\"e-con-inner\">\n\t\t\t\t<div class=\"elementor-element elementor-element-688fb037 elementor-widget elementor-widget-text-editor\" data-id=\"688fb037\" data-element_type=\"widget\" data-widget_type=\"text-editor.default\">\n\t\t\t\t<div class=\"elementor-widget-container\">\n\t\t\t\t\t\t\t\t\t\n<h2 class=\"wp-block-heading\"><span style=\"color: #22163c;\"><strong>Satzung The Safe Zone e.V.<\/strong><\/span><\/h2>\n<p>\u00a0<\/p>\n<h3><span style=\"color: #22163c;\"><strong>1 Name, Sitz, Eintragung, Gesch\u00e4ftsjahr, Vereinssprache, Kommunikation<\/strong><\/span><\/h3>\n<ol>\n<li>Der Verein tr\u00e4gt den Namen The Safe Zone e.V.<\/li>\n<li>Der Sitz des Vereins ist Mu\u0308nchen.<\/li>\n<li>Der Verein soll in das Vereinsregister eingetragen werden.<\/li>\n<li>Gesch\u00e4ftsjahr ist das Kalenderjahr.<\/li>\n<li>Wenn in dieser Satzung von schriftlicher Kommunikation die Rede ist, soll dies auch Kommunikation per E-Mail einschlie\u00dfen, wenn von Sitzungen die Rede ist, sollen dies auch Sitzungen einschlie\u00dfen, die auf der Nutzung elektronischer Kommunikationsmittel beruhen, sofern nichts anderes festgelegt ist.<\/li>\n<\/ol>\n<p>\u00a0<\/p>\n<h3><span style=\"color: #22163c;\"><strong>2 Vereinszweck<\/strong><\/span><\/h3>\n<ol>\n<li>Der Verein verfolgt ausschlie\u00dflich und unmittelbar gemeinn\u00fctzige Zwecke im Sinne des Abschnitts \u201eSteuerbegu\u0308nstigte Zwecke\u201c der Abgabenordnung (\u00a7\u00a7 51 ff) in der jeweils gu\u0308ltigen Fassung.<\/li>\n<li>Zweck des Vereins ist:\n<ul>\n<li>die F\u00f6rderung der Jugend- und Altenhilfe, insbesondere die Verbesserung der mentalen Gesundheit von jungen Menschen und Senioren.<\/li>\n<li>die F\u00f6rderung des \u00f6ffentlichen Gesundheitswesens, insbesondere von digitalen L\u00f6sungen f\u00fcr eine bessere Zug\u00e4nglichkeit von psychologischen Hilfestellungen sowie Angeboten f\u00fcr die mentale Gesundheit.<\/li>\n<li>die F\u00f6rderung der Hilfe f\u00fcr neurodivergente Menschen.<\/li>\n<li>die F\u00f6rderung einer Mehrgenerationen-Gesinnung sowie der Toleranz auf allen Gebieten der Inklusion, Kultur und Gleichberechtigung.<\/li>\n<\/ul>\n<\/li>\n<li>Der Satzungszweck wird insbesondere verwirklicht:\n<ul>\n<li>Durch die Errichtung und den Ausbau von sicheren digitalen R\u00e4umen f\u00fcr einen niedrigschwelligen Zugang f\u00fcr junge Menschen und Senioren als Unterst\u00fctzung gegen das Alleinsein und zur F\u00f6rderung eines verst\u00e4rkten Austauschs und einer gegenseitigen Akzeptanz bzw. Unterst\u00fctzung.<\/li>\n<li>Dar\u00fcber hinaus engagiert sich der Verein f\u00fcr die Einrichtung von Selbsthilfegruppen sowie therapeutischen Angeboten, um den Zugang zur Hilfestellung bei mental beeintr\u00e4chtigten Personengruppen zu vereinfachen und zu beschleunigen.<\/li>\n<li>Ebenfalls wird der Satzungszweck erf\u00fcllt durch geeignete Ma\u00dfnahmen zur Erh\u00f6hung des Austauschs zwischen Menschen aus unterschiedlichen Kulturen sowie neurodivergenten Menschen.<\/li>\n<li>Zudem erfolgt die Erstellung und Vorbereitung von wissenschaftlichen Studien und Publikationen.<\/li>\n<\/ul>\n<\/li>\n<\/ol>\n<p>\u00a0<\/p>\n<h3><span style=\"color: #22163c;\"><strong>3 Selbstlosigkeit<\/strong><\/span><\/h3>\n<ol>\n<li>Der Verein ist selbstlos t\u00e4tig, er verfolgt nicht in erster Linie eigenwirtschaftliche Ziele.<\/li>\n<li>Mittel des Vereins d\u00fcrfen nur f\u00fcr die satzungsm\u00e4\u00dfigen Zwecke verwendet werden. Die Mitglieder des Vereins erhalten in ihrer Eigenschaft als Mitglieder keine Zuwendungen aus Mitteln des Vereins.<\/li>\n<li>Die Mitglieder d\u00fcrfen bei ihrem Ausscheiden oder bei Aufl\u00f6sung und Aufhebung des Vereins keine Anteile des Vereinsverm\u00f6gens erhalten.<\/li>\n<li>Keine Person darf durch Ausgaben, die den Zwecken des Vereins fremd sind, oder durch unverh\u00e4ltnism\u00e4\u00dfig hohe Verg\u00fctungen beg\u00fcnstigt werden.<\/li>\n<\/ol>\n<p>\u00a0<\/p>\n<h3><span style=\"color: #22163c;\"><strong>4 Mitgliedschaft<\/strong><\/span><\/h3>\n<ol>\n<li>Mitglied des Vereins kann jede nat\u00fcrliche Person ab dem vollendeten 18. Lebensjahr sowie juristische Personen werden, die bereit sind, die Ziele des Vereins zu unterst\u00fctzen.<\/li>\n<li>Der Verein hat folgende Mitglieder:\n<ul>\n<li>ordentliche Mitglieder<\/li>\n<li>F\u00f6rdermitgliede\u00a0\n<ul>\n<li>Nur ordentliche Mitglieder haben ein Stimmrecht und k\u00f6nnen in Vereins\u00e4mter gew\u00e4hlt werden. Die F\u00f6rdermitgliedschaft soll Interessierten, die sich aber nicht im Verein ehrenamtlich engagieren wollen, die M\u00f6glichkeit geben, den Verein finanziell zu unterst\u00fctzen ohne weitere Verpflichtungen einzugehen.<\/li>\n<\/ul>\n<\/li>\n<\/ul>\n<\/li>\n<li>Die Mitgliedschaft ist schriftlich zu beantragen. Die Beantragung kann auch per Email oder \u00fcber entsprechende Formulare auf Internetseiten des Vereins erfolgen.<\/li>\n<li>\u00dcber die Aufnahme entscheidet der Vorstand.<\/li>\n<li>Wenn ein Mitglied gegen die Ziele und Interessen des Vereins schwer versto\u00dfen hat oder trotz Mahnung mit dem Beitrag fu\u0308r 1 Jahr im Ru\u0308ckstand bleibt, so kann es mit sofortiger Wirkung ausgeschlossen werden. \u00dcber den Ausschluss entscheidet die Mitgliederversammlung. Dem Mitglied muss vor der Beschlussfassung Gelegenheit zur Rechtfertigung bzw. Stellungnahme gegeben werden. Gegen den Ausschlie\u00dfungsbeschluss kann innerhalb einer Frist von vier Wochen nach Mitteilung des Ausschlusses Berufung eingelegt werden, u\u0308ber den die n\u00e4chste Mitgliederversammlung entscheidet.<\/li>\n<li>Der Austritt eines Mitgliedes erfolgt durch schriftliche Erkl\u00e4rung gegenu\u0308ber dem Vorstand unter Einhaltung einer Frist von 4 Wochen. Er wird zum Ende des Kalenderjahres hin umgesetzt.<\/li>\n<li>Die Mitgliedschaft endet durch Austritt, Ausschluss oder Tod bzw. bei juristischen Personen mit deren Erl\u00f6schen. Das ausgetretene oder ausgeschlossene Mitglied hat keinen Anspruch gegen\u00fcber dem Vereinsverm\u00f6gen.<\/li>\n<\/ol>\n<p>\u00a0<\/p>\n<h3><span style=\"color: #22163c;\"><strong>5 Mitgliedsbeitr\u00e4ge<\/strong><\/span><\/h3>\n<ol>\n<li>Von den Mitgliedern wird ein Jahresbeitrag erhoben.<\/li>\n<li>Zur Festlegung der Beitragsh\u00f6he und -f\u00e4lligkeit ist eine einfache Mehrheit der in der Mitgliederversammlung anwesenden, stimmberechtigten Vereinsmitglieder erforderlich.<\/li>\n<li>In einer Beitragsordnung werden Details zu Art, Umfang und F\u00e4lligkeit der Beitr\u00e4ge geregelt, die die Mitgliederversammlung auf Vorschlag des Vorstands mit einfacher Mehrheit beschlie\u00dft.<\/li>\n<\/ol>\n<p>\u00a0<\/p>\n<h3><span style=\"color: #22163c;\"><strong>6 Organe des Vereins<\/strong><\/span><\/h3>\n<p>Organe des Vereins sind:<\/p>\n<ul>\n<li>die Mitgliederversammlung und<\/li>\n<li>der Vorstand<\/li>\n<\/ul>\n<p>Zus\u00e4tzlich kann ein Beirat als weiteres Organ aufgestellt werden.<\/p>\n<p>\u00a0<\/p>\n<h3><span style=\"color: #22163c;\"><strong>7 Mitgliederversammlung<\/strong><\/span><\/h3>\n<ol>\n<li>Die Mitgliederversammlung ist das oberste Vereinsorgan. Zu ihren Aufgaben geh\u00f6ren insbesondere die Wahl und Abwahl des Vorstands, Entlastung des Vorstands, Entgegennahme der Berichte des Vorstandes, Wahl der Kassenpr\u00fcfern\/innen, Wahl des Beirats, Festsetzung von Beitr\u00e4gen und deren F\u00e4lligkeit, Beschlussfassung \u00fcber die \u00c4nderung der Satzung, Beschlussfassung \u00fcber die Aufl\u00f6sung des Vereins, Entscheidung \u00fcber Ausschluss von Mitgliedern in Berufungsf\u00e4llen sowie weitere Aufgaben, soweit sich diese aus der Satzung oder nach dem Gesetz ergeben.<\/li>\n<li>Die ordentliche Mitgliederversammlung soll einmal j\u00e4hrlich stattfinden.<\/li>\n<li>Eine au\u00dferordentliche Mitgliederversammlung ist einzuberufen, wenn es das Vereinsinteresse erfordert oder wenn die Einberufung von mindestens 1\/4 der Mitglieder schriftlich und unter Angabe des Zweckes und der Gru\u0308nde verlangt wird.<\/li>\n<li>Die Einberufung der Mitgliederversammlung erfolgt schriftlich durch den Vorstandsvorsitzenden unter Wahrung einer Einladungsfrist von mindestens zwei Wochen bei gleichzeitiger Bekanntgabe der Tagesordnung. Die Frist beginnt mit dem auf die Absendung des Einladungsschreibens folgenden Tag. Es gilt das Versanddatum der Email\/des Briefes. Das Einladungsschreiben gilt dem Mitglied als zugegangen, wenn es an die letzte vom Mitglied des Vereins schriftlich bekannt gegebene Adresse gerichtet ist.<\/li>\n<li>Die Mitgliederversammlung kann bei Bedarf und unter Ber\u00fccksichtigung der Haushaltslage beschlie\u00dfen, dass Vereins- und Organ\u00e4mter entgeltlich auf der Grundlage eines Dienstvertrages oder gegen Zahlung einer pauschalierten Aufwandsentsch\u00e4digung ausge\u00fcbt werden.<\/li>\n<li>Jede satzungsm\u00e4\u00dfig einberufene Mitgliederversammlung wird als beschlussf\u00e4hig anerkannt ohne Ru\u0308cksicht auf die Zahl der erschienenen Vereinsmitglieder. Jedes Mitglied hat eine Stimme. Eine Teilnahme ist entweder pers\u00f6nlich oder via elektronischer Medien m\u00f6glich.<\/li>\n<li>Die Beschl\u00fcsse der Mitgliederversammlung werden mit einfacher Mehrheit der abgegebenen Stimmen gefasst. Bei Stimmengleichheit gilt ein Antrag als abgelehnt. Stimmenthaltungen werden als Nein-Stimmen gewertet.<\/li>\n<li>Zu Beginn der Mitgliederversammlung ist ein Protokollf\u00fchrer zu w\u00e4hlen. \u00dcber die Beschl\u00fcsse der Mitgliederversammlung ist ein Protokoll aufzunehmen, das vom Protokollf\u00fchrer zu unterschreiben ist.<\/li>\n<\/ol>\n<p>\u00a0<\/p>\n<h3><span style=\"color: #22163c;\"><strong>8 Vorstand<\/strong><\/span><\/h3>\n<ol>\n<li>Der Gesamtvorstand besteht aus mindestens 3 Mitgliedern (1. Vorsitzende\/r, 2. Vorsitzende\/r, Finanzvorstand) und maximal 5 Mitgliedern. Er vertritt den Verein gerichtlich und au\u00dfergerichtlich. Je zwei Vorstandsmitglieder sind gemeinsam vertretungsberechtigt.<\/li>\n<li>Der Vorstand gibt sich eine Gesch\u00e4ftsordnung. Sie ist ab dem Zeitpunkt der Beschlussfassung g\u00fcltig, soll jedoch von der folgenden Mitgliederversammlung best\u00e4tigt werden.<\/li>\n<li>Der Vorstand wird von der Mitgliederversammlung fu\u0308r die Dauer von zwei Jahren gew\u00e4hlt. Die Wiederwahl der Vorstandsmitglieder ist m\u00f6glich. Der Vorstand bleibt bis zur Bestellung des neuen Vorstandes im Amt.<\/li>\n<li>Der\/die Vorsitzende wird von der Mitgliederversammlung in einem besonderen Wahlgang bestimmt.<\/li>\n<li>Vorstandssitzungen sollen j\u00e4hrlich mindestens zweimal stattfinden. Die Einladung zu Vorstandssitzungen erfolgt durch den Vorstandsvorsitzenden schriftlich unter Einhaltung einer Einladungsfrist von mindestens 14 Tagen. Vorstandssitzungen k\u00f6nnen auch via Telefon- oder Videokonferenz stattfinden.<\/li>\n<li>Der Vorstand fasst seine Beschlu\u0308sse mit einfacher Mehrheit. Bei Stimmgleichheit gilt ein Antrag als abgelehnt. Vorstandssitzungen sind beschlussf\u00e4hig, wenn mindestens drei Vorstandsmitglieder anwesend sind. Die Beschlu\u0308sse des Vorstands sind schriftlich zu protokollieren.<\/li>\n<li>Ein Vorstandsmitglied kann sich durch ein anderes Vorstandsmitglied vertreten lassen. Das Stimmrecht wird elektronisch oder schriftlich per Vollmacht u\u0308bertragen.<\/li>\n<li>Ein Vorstandsmitglied kann jederzeit zur\u00fccktreten, indem es den \u00fcbrigen Vorstandsmitgliedern diesen R\u00fccktritt schriftlich mitteilt. Die Annahme eines solchen R\u00fccktritts ist nicht erforderlich, um ihn wirksam werden zu lassen. Der Vorstands kann freiwerdende Stellen neu besetzen. Neu hinzugekommene Mitglieder des Vorstands m\u00fcssen sich bei der n\u00e4chsten Mitgliederversammlung einer Wahl stellen.<\/li>\n<\/ol>\n<p>\u00a0<\/p>\n<h3><span style=\"color: #22163c;\"><strong>9 Satzungs\u00e4nderungen<\/strong><\/span><\/h3>\n<ol>\n<li>Fu\u0308r \u00c4nderungen des Satzungszwecks ist eine Mehrheit von 2\/3 der erschienenen Vereinsmitglieder erforderlich.<\/li>\n<li>\u00dcber Satzungs\u00e4nderungen kann in der Mitgliederversammlung nur abgestimmt werden, wenn auf diesen Tagesordnungspunkt bereits in der Einladung zur Mitgliederversammlung hingewiesen wurde und der Einladung sowohl der bisherige als auch der vorgesehene neue Satzungstext beigefu\u0308gt worden waren.<\/li>\n<li>Satzungs\u00e4nderungen, die von Aufsichts-, Gerichts- oder Finanzbeh\u00f6rden aus formalen Gru\u0308nden verlangt werden, kann der Vorstand von sich aus vornehmen. Diese Satzungs\u00e4nderungen mu\u0308ssen allen Vereinsmitgliedern alsbald schriftlich mitgeteilt werden.<\/li>\n<\/ol>\n<p>\u00a0<\/p>\n<h3><span style=\"color: #22163c;\"><strong>10 Datenschutz<\/strong><\/span><\/h3>\n<ol>\n<li>Im Rahmen der Mitgliederverwaltung werden von den Mitgliedern Kontaktdaten, die Bankverbindung sowie weitere Daten erhoben, soweit diese fu\u0308r die Zwecke des Vereins nu\u0308tzlich erscheinen und das Mitglied der Speicherung dieser Daten zugestimmt hat. Diese Daten werden im Rahmen der Mitgliedschaft verarbeitet und gespeichert. 3 Monate nach Erl\u00f6schen der Mitgliedschaft werden die Mitgliedsdaten endgu\u0308ltig gel\u00f6scht.<\/li>\n<li>Daru\u0308ber hinaus ver\u00f6ffentlicht der Verein die Daten seiner Mitglieder intern wie extern nur nach entsprechenden Beschlu\u0308ssen der Mitgliederversammlung und nimmt hiervon die Daten von Mitgliedern aus, die einer Ver\u00f6ffentlichung nicht ausdru\u0308cklich zugestimmt haben.<\/li>\n<\/ol>\n<p>\u00a0<\/p>\n<h3><span style=\"color: #22163c;\"><strong>11 Aufl\u00f6sung des Vereins und Verm\u00f6gensbindung<\/strong><\/span><\/h3>\n<ol>\n<li>Fu\u0308r den Beschluss, den Verein aufzul\u00f6sen, ist eine 3\/4-Mehrheit der in der Mitgliederversammlung anwesenden Mitglieder erforderlich. Der Beschluss kann nur nach rechtzeitiger Anku\u0308ndigung in der Einladung zur Mitgliederversammlung gefasst werden.<\/li>\n<li>Bei Aufl\u00f6sung des Vereins oder bei Wegfall steuerbeg\u00fcnstigter Zwecke f\u00e4llt das Verm\u00f6gen an die Organisation YesWeCancer gGmbH die es unmittelbar und ausschlie\u00dflich fu\u0308r gemeinnu\u0308tzige Zwecke zu verwenden hat.<\/li>\n<\/ol>\n<p>\u00a0<\/p>\n<p>\u00a0<\/p>\n\t\t\t\t\t\t\t\t<\/div>\n\t\t\t\t<\/div>\n\t\t\t\t\t<\/div>\n\t\t\t\t<\/div>\n\t\t<div data-particle_enable=\"false\" data-particle-mobile-disabled=\"false\" class=\"elementor-element elementor-element-1922252 e-flex e-con-boxed e-con e-parent\" data-id=\"1922252\" data-element_type=\"container\">\n\t\t\t\t\t<div class=\"e-con-inner\">\n\t\t\t\t<div class=\"elementor-element elementor-element-d54e861 elementor-widget elementor-widget-button\" data-id=\"d54e861\" data-element_type=\"widget\" data-widget_type=\"button.default\">\n\t\t\t\t<div class=\"elementor-widget-container\">\n\t\t\t\t\t\t\t\t\t<div class=\"elementor-button-wrapper\">\n\t\t\t\t\t<a class=\"elementor-button elementor-button-link elementor-size-sm\" href=\"https:\/\/drive.google.com\/file\/d\/1xHzqHvxewVQaFM4J1OJCEnyFpq18bAvj\/preview\" target=\"_blank\">\n\t\t\t\t\t\t<span class=\"elementor-button-content-wrapper\">\n\t\t\t\t\t\t\t\t\t<span class=\"elementor-button-text\">Entwurf eines Dokuments<\/span>\n\t\t\t\t\t<\/span>\n\t\t\t\t\t<\/a>\n\t\t\t\t<\/div>\n\t\t\t\t\t\t\t\t<\/div>\n\t\t\t\t<\/div>\n\t\t\t\t<div class=\"elementor-element elementor-element-c1fe664 elementor-widget elementor-widget-button\" data-id=\"c1fe664\" data-element_type=\"widget\" data-widget_type=\"button.default\">\n\t\t\t\t<div class=\"elementor-widget-container\">\n\t\t\t\t\t\t\t\t\t<div class=\"elementor-button-wrapper\">\n\t\t\t\t\t<a class=\"elementor-button elementor-button-link elementor-size-sm\" href=\"https:\/\/drive.google.com\/file\/d\/1CNbk1pgsiE5TKJjwrp6npvtTmnp_XTHx\/preview\" target=\"_blank\">\n\t\t\t\t\t\t<span class=\"elementor-button-content-wrapper\">\n\t\t\t\t\t\t\t\t\t<span class=\"elementor-button-text\">Unterzeichnetes Dokument<\/span>\n\t\t\t\t\t<\/span>\n\t\t\t\t\t<\/a>\n\t\t\t\t<\/div>\n\t\t\t\t\t\t\t\t<\/div>\n\t\t\t\t<\/div>\n\t\t\t\t\t<\/div>\n\t\t\t\t<\/div>\n\t\t\t\t<\/div>","protected":false},"excerpt":{"rendered":"<p>Satzung The Safe Zone e.V. \u00a0 1 Name, Sitz, Eintragung, Gesch\u00e4ftsjahr, Vereinssprache, Kommunikation Der Verein tr\u00e4gt den Namen The Safe Zone e.V. Der Sitz des Vereins ist Mu\u0308nchen. Der Verein soll in das Vereinsregister eingetragen werden. Gesch\u00e4ftsjahr ist das Kalenderjahr. Wenn in dieser Satzung von schriftlicher Kommunikation die Rede ist, soll dies auch Kommunikation per [&hellip;]<\/p>","protected":false},"author":1,"featured_media":0,"parent":0,"menu_order":0,"comment_status":"closed","ping_status":"open","template":"","meta":{"footnotes":""},"class_list":["post-7831","page","type-page","status-publish","hentry"],"yoast_head":"<!-- This site is optimized with the Yoast SEO plugin v24.5 - https:\/\/yoast.com\/wordpress\/plugins\/seo\/ -->\n<title>TZS - DE - The Safe Zone<\/title>\n<meta name=\"robots\" content=\"index, follow, max-snippet:-1, max-image-preview:large, max-video-preview:-1\" \/>\n<link rel=\"canonical\" href=\"https:\/\/thesafezone.eu\/de\/tzs-de\/\" \/>\n<meta property=\"og:locale\" content=\"de_DE\" \/>\n<meta property=\"og:type\" content=\"article\" \/>\n<meta property=\"og:title\" content=\"TZS - DE - The Safe Zone\" \/>\n<meta property=\"og:description\" content=\"Satzung The Safe Zone e.V. \u00a0 1 Name, Sitz, Eintragung, Gesch\u00e4ftsjahr, Vereinssprache, Kommunikation Der Verein tr\u00e4gt den Namen The Safe Zone e.V. Der Sitz des Vereins ist Mu\u0308nchen. Der Verein soll in das Vereinsregister eingetragen werden. Gesch\u00e4ftsjahr ist das Kalenderjahr. Wenn in dieser Satzung von schriftlicher Kommunikation die Rede ist, soll dies auch Kommunikation per [&hellip;]\" \/>\n<meta property=\"og:url\" content=\"https:\/\/thesafezone.eu\/de\/tzs-de\/\" \/>\n<meta property=\"og:site_name\" content=\"The Safe Zone\" \/>\n<meta property=\"article:modified_time\" content=\"2025-08-27T14:32:23+00:00\" \/>\n<meta name=\"twitter:card\" content=\"summary_large_image\" \/>\n<meta name=\"twitter:label1\" content=\"Gesch\u00e4tzte Lesezeit\" \/>\n\t<meta name=\"twitter:data1\" content=\"7 minutes\" \/>\n<script type=\"application\/ld+json\" class=\"yoast-schema-graph\">{\"@context\":\"https:\/\/schema.org\",\"@graph\":[{\"@type\":\"WebPage\",\"@id\":\"https:\/\/thesafezone.eu\/tzs-de\/\",\"url\":\"https:\/\/thesafezone.eu\/tzs-de\/\",\"name\":\"TZS - DE - The Safe Zone\",\"isPartOf\":{\"@id\":\"https:\/\/thesafezone.eu\/#website\"},\"datePublished\":\"2025-08-20T14:06:24+00:00\",\"dateModified\":\"2025-08-27T14:32:23+00:00\",\"breadcrumb\":{\"@id\":\"https:\/\/thesafezone.eu\/tzs-de\/#breadcrumb\"},\"inLanguage\":\"de-DE\",\"potentialAction\":[{\"@type\":\"ReadAction\",\"target\":[\"https:\/\/thesafezone.eu\/tzs-de\/\"]}]},{\"@type\":\"BreadcrumbList\",\"@id\":\"https:\/\/thesafezone.eu\/tzs-de\/#breadcrumb\",\"itemListElement\":[{\"@type\":\"ListItem\",\"position\":1,\"name\":\"Home\",\"item\":\"https:\/\/thesafezone.eu\/\"},{\"@type\":\"ListItem\",\"position\":2,\"name\":\"TZS &#8211; DE\"}]},{\"@type\":\"WebSite\",\"@id\":\"https:\/\/thesafezone.eu\/#website\",\"url\":\"https:\/\/thesafezone.eu\/\",\"name\":\"TheSafeZone\",\"description\":\"A VR Solution to support teenagers\u2019 mental health\",\"publisher\":{\"@id\":\"https:\/\/thesafezone.eu\/#organization\"},\"potentialAction\":[{\"@type\":\"SearchAction\",\"target\":{\"@type\":\"EntryPoint\",\"urlTemplate\":\"https:\/\/thesafezone.eu\/?s={search_term_string}\"},\"query-input\":{\"@type\":\"PropertyValueSpecification\",\"valueRequired\":true,\"valueName\":\"search_term_string\"}}],\"inLanguage\":\"de-DE\"},{\"@type\":\"Organization\",\"@id\":\"https:\/\/thesafezone.eu\/#organization\",\"name\":\"TheSafeZone\",\"url\":\"https:\/\/thesafezone.eu\/\",\"logo\":{\"@type\":\"ImageObject\",\"inLanguage\":\"de-DE\",\"@id\":\"https:\/\/thesafezone.eu\/#\/schema\/logo\/image\/\",\"url\":\"https:\/\/thesafezone.eu\/wp-content\/uploads\/2024\/02\/bg-form.png\",\"contentUrl\":\"https:\/\/thesafezone.eu\/wp-content\/uploads\/2024\/02\/bg-form.png\",\"width\":917,\"height\":917,\"caption\":\"TheSafeZone\"},\"image\":{\"@id\":\"https:\/\/thesafezone.eu\/#\/schema\/logo\/image\/\"}}]}<\/script>\n<!-- \/ Yoast SEO plugin. -->","yoast_head_json":{"title":"TZS - DE - The Safe Zone","robots":{"index":"index","follow":"follow","max-snippet":"max-snippet:-1","max-image-preview":"max-image-preview:large","max-video-preview":"max-video-preview:-1"},"canonical":"https:\/\/thesafezone.eu\/de\/tzs-de\/","og_locale":"de_DE","og_type":"article","og_title":"TZS - DE - The Safe Zone","og_description":"Satzung The Safe Zone e.V. \u00a0 1 Name, Sitz, Eintragung, Gesch\u00e4ftsjahr, Vereinssprache, Kommunikation Der Verein tr\u00e4gt den Namen The Safe Zone e.V. Der Sitz des Vereins ist Mu\u0308nchen. Der Verein soll in das Vereinsregister eingetragen werden. Gesch\u00e4ftsjahr ist das Kalenderjahr. Wenn in dieser Satzung von schriftlicher Kommunikation die Rede ist, soll dies auch Kommunikation per [&hellip;]","og_url":"https:\/\/thesafezone.eu\/de\/tzs-de\/","og_site_name":"The Safe Zone","article_modified_time":"2025-08-27T14:32:23+00:00","twitter_card":"summary_large_image","twitter_misc":{"Gesch\u00e4tzte Lesezeit":"7 minutes"},"schema":{"@context":"https:\/\/schema.org","@graph":[{"@type":"WebPage","@id":"https:\/\/thesafezone.eu\/tzs-de\/","url":"https:\/\/thesafezone.eu\/tzs-de\/","name":"TZS - DE - The Safe Zone","isPartOf":{"@id":"https:\/\/thesafezone.eu\/#website"},"datePublished":"2025-08-20T14:06:24+00:00","dateModified":"2025-08-27T14:32:23+00:00","breadcrumb":{"@id":"https:\/\/thesafezone.eu\/tzs-de\/#breadcrumb"},"inLanguage":"de-DE","potentialAction":[{"@type":"ReadAction","target":["https:\/\/thesafezone.eu\/tzs-de\/"]}]},{"@type":"BreadcrumbList","@id":"https:\/\/thesafezone.eu\/tzs-de\/#breadcrumb","itemListElement":[{"@type":"ListItem","position":1,"name":"Home","item":"https:\/\/thesafezone.eu\/"},{"@type":"ListItem","position":2,"name":"TZS &#8211; DE"}]},{"@type":"WebSite","@id":"https:\/\/thesafezone.eu\/#website","url":"https:\/\/thesafezone.eu\/","name":"TheSafeZone","description":"A VR Solution to support teenagers\u2019 mental health","publisher":{"@id":"https:\/\/thesafezone.eu\/#organization"},"potentialAction":[{"@type":"SearchAction","target":{"@type":"EntryPoint","urlTemplate":"https:\/\/thesafezone.eu\/?s={search_term_string}"},"query-input":{"@type":"PropertyValueSpecification","valueRequired":true,"valueName":"search_term_string"}}],"inLanguage":"de-DE"},{"@type":"Organization","@id":"https:\/\/thesafezone.eu\/#organization","name":"TheSafeZone","url":"https:\/\/thesafezone.eu\/","logo":{"@type":"ImageObject","inLanguage":"de-DE","@id":"https:\/\/thesafezone.eu\/#\/schema\/logo\/image\/","url":"https:\/\/thesafezone.eu\/wp-content\/uploads\/2024\/02\/bg-form.png","contentUrl":"https:\/\/thesafezone.eu\/wp-content\/uploads\/2024\/02\/bg-form.png","width":917,"height":917,"caption":"TheSafeZone"},"image":{"@id":"https:\/\/thesafezone.eu\/#\/schema\/logo\/image\/"}}]}},"_links":{"self":[{"href":"https:\/\/thesafezone.eu\/de\/wp-json\/wp\/v2\/pages\/7831","targetHints":{"allow":["GET"]}}],"collection":[{"href":"https:\/\/thesafezone.eu\/de\/wp-json\/wp\/v2\/pages"}],"about":[{"href":"https:\/\/thesafezone.eu\/de\/wp-json\/wp\/v2\/types\/page"}],"author":[{"embeddable":true,"href":"https:\/\/thesafezone.eu\/de\/wp-json\/wp\/v2\/users\/1"}],"replies":[{"embeddable":true,"href":"https:\/\/thesafezone.eu\/de\/wp-json\/wp\/v2\/comments?post=7831"}],"version-history":[{"count":43,"href":"https:\/\/thesafezone.eu\/de\/wp-json\/wp\/v2\/pages\/7831\/revisions"}],"predecessor-version":[{"id":8040,"href":"https:\/\/thesafezone.eu\/de\/wp-json\/wp\/v2\/pages\/7831\/revisions\/8040"}],"wp:attachment":[{"href":"https:\/\/thesafezone.eu\/de\/wp-json\/wp\/v2\/media?parent=7831"}],"curies":[{"name":"wp","href":"https:\/\/api.w.org\/{rel}","templated":true}]}}